{"id":3394,"date":"2025-06-11T12:36:07","date_gmt":"2025-06-11T08:36:07","guid":{"rendered":"https:\/\/maisonmathilde.mu\/?post_type=product&#038;p=3394"},"modified":"2025-12-19T15:38:04","modified_gmt":"2025-12-19T11:38:04","slug":"pack-routine-cheveux-boucles-cut-by-fred","status":"publish","type":"product","link":"https:\/\/maisonmathilde.mu\/en\/produit\/pack-routine-cheveux-boucles-cut-by-fred\/","title":{"rendered":"Pack Routine Cheveux Boucl\u00e9s Cut by Fred"},"content":{"rendered":"<p data-start=\"417\" data-end=\"778\"><strong data-start=\"417\" data-end=\"512\">R\u00e9v\u00e9lez la beaut\u00e9 naturelle de vos boucles avec une routine clean, efficace et sensorielle.<\/strong><br data-start=\"512\" data-end=\"515\" \/>Ce pack complet est pens\u00e9 pour les cheveux boucl\u00e9s, fris\u00e9s ou ondul\u00e9s qui manquent de d\u00e9finition, de rebond ou de tenue. Gr\u00e2ce \u00e0 la magie des textures l\u00e9g\u00e8res et des actifs naturels, vos boucles sont gain\u00e9es, souples, brillantes et bien d\u00e9finies, jour apr\u00e8s jour.<\/p>\n<h3 data-start=\"785\" data-end=\"816\">\u2728 Ce que contient le pack :<\/h3>\n<h4 data-start=\"818\" data-end=\"872\">1. <strong data-start=\"826\" data-end=\"872\">VEGAN CURL CREAM (Cr\u00e8me coiffante boucles)<\/strong><\/h4>\n<p data-start=\"873\" data-end=\"1108\">La star de la routine boucl\u00e9e ! Elle permet de d\u00e9finir les boucles sans alourdir ni coller. Sa texture l\u00e9g\u00e8re hydrate la fibre et facilite la mise en forme. Le r\u00e9sultat ? Des boucles souples, brillantes, bien dessin\u00e9es, sans frisottis.<\/p>\n<h4 data-start=\"1110\" data-end=\"1165\">2. <strong data-start=\"1118\" data-end=\"1165\">VEGAN CURL GEL (Gel fixateur \u00e0 l\u2019Aloe Vera)<\/strong><\/h4>\n<p data-start=\"1166\" data-end=\"1414\">Parfait pour fixer les boucles tout en conservant leur douceur naturelle. Ce gel enrobe la fibre capillaire pour limiter les frisottis et maintenir la d\u00e9finition tout au long de la journ\u00e9e. Aucun effet cartonn\u00e9, juste une tenue souple et naturelle.<\/p>\n<h4 data-start=\"1416\" data-end=\"1480\">3. <strong data-start=\"1424\" data-end=\"1480\">VEGAN WAKE UP CURL DAY 2 (Spray raviveur de boucles)<\/strong><\/h4>\n<p data-start=\"1481\" data-end=\"1721\">L\u2019alli\u00e9 des matins press\u00e9s ! Id\u00e9al pour raviver les boucles entre deux shampoings. Quelques pulv\u00e9risations suffisent pour r\u00e9activer la d\u00e9finition, \u00e9liminer les frisottis et redonner un bel effet rebondi aux boucles \u00ab \u00e9cras\u00e9es \u00bb par la nuit.<\/p>\n<h3 data-start=\"1728\" data-end=\"1756\">\ud83d\udca1 Pourquoi on l\u2019adore ?<\/h3>\n<ul data-start=\"1758\" data-end=\"2028\">\n<li data-start=\"1758\" data-end=\"1798\">\n<p data-start=\"1760\" data-end=\"1798\">Routine compl\u00e8te, clean et 100 % vegan<\/p>\n<\/li>\n<li data-start=\"1799\" data-end=\"1862\">\n<p data-start=\"1801\" data-end=\"1862\">Sp\u00e9cialement formul\u00e9e pour les cheveux boucl\u00e9s (type 2B \u00e0 3C)<\/p>\n<\/li>\n<li data-start=\"1863\" data-end=\"1898\">\n<p data-start=\"1865\" data-end=\"1898\">D\u00e9finition naturelle sans r\u00e9sidus<\/p>\n<\/li>\n<li data-start=\"1899\" data-end=\"1959\">\n<p data-start=\"1901\" data-end=\"1959\">Texture l\u00e9g\u00e8re adapt\u00e9e au climat tropical de l\u2019\u00eele Maurice<\/p>\n<\/li>\n<li data-start=\"1960\" data-end=\"1998\">\n<p data-start=\"1962\" data-end=\"1998\">Parfums 100 % naturels et sensoriels<\/p>\n<\/li>\n<li data-start=\"1999\" data-end=\"2028\">\n<p data-start=\"2001\" data-end=\"2028\">Convient \u00e0 toute la famille<\/p>\n<\/li>\n<\/ul>\n","protected":false},"excerpt":{"rendered":"<p><strong data-start=\"417\" data-end=\"512\">R\u00e9v\u00e9lez la beaut\u00e9 naturelle de vos boucles avec une routine clean, efficace et sensorielle.<\/strong><br data-start=\"512\" data-end=\"515\" \/>Ce pack complet est pens\u00e9 pour les cheveux boucl\u00e9s, fris\u00e9s ou ondul\u00e9s qui manquent de d\u00e9finition, de rebond ou de tenue. Gr\u00e2ce \u00e0 la magie des textures l\u00e9g\u00e8res et des actifs naturels, vos boucles sont gain\u00e9es, souples, brillantes et bien d\u00e9finies, jour apr\u00e8s jour.<\/p>\n","protected":false},"featured_media":3395,"template":"","meta":{"_acf_changed":false},"product_brand":[172],"product_cat":[20,37,175],"product_tag":[],"class_list":{"0":"post-3394","1":"product","2":"type-product","3":"status-publish","4":"has-post-thumbnail","6":"product_brand-cut-by-fred","7":"product_cat-cheveux","8":"product_cat-coffrets-et-accessoires","9":"product_cat-pack-routine-cheveux","11":"first","12":"outofstock","13":"sale","14":"shipping-taxable","15":"purchasable","16":"product-type-simple"},"acf":[],"_links":{"self":[{"href":"https:\/\/maisonmathilde.mu\/en\/wp-json\/wp\/v2\/product\/3394","targetHints":{"allow":["GET"]}}],"collection":[{"href":"https:\/\/maisonmathilde.mu\/en\/wp-json\/wp\/v2\/product"}],"about":[{"href":"https:\/\/maisonmathilde.mu\/en\/wp-json\/wp\/v2\/types\/product"}],"version-history":[{"count":3,"href":"https:\/\/maisonmathilde.mu\/en\/wp-json\/wp\/v2\/product\/3394\/revisions"}],"predecessor-version":[{"id":3399,"href":"https:\/\/maisonmathilde.mu\/en\/wp-json\/wp\/v2\/product\/3394\/revisions\/3399"}],"wp:featuredmedia":[{"embeddable":true,"href":"https:\/\/maisonmathilde.mu\/en\/wp-json\/wp\/v2\/media\/3395"}],"wp:attachment":[{"href":"https:\/\/maisonmathilde.mu\/en\/wp-json\/wp\/v2\/media?parent=3394"}],"wp:term":[{"taxonomy":"product_brand","embeddable":true,"href":"https:\/\/maisonmathilde.mu\/en\/wp-json\/wp\/v2\/product_brand?post=3394"},{"taxonomy":"product_cat","embeddable":true,"href":"https:\/\/maisonmathilde.mu\/en\/wp-json\/wp\/v2\/product_cat?post=3394"},{"taxonomy":"product_tag","embeddable":true,"href":"https:\/\/maisonmathilde.mu\/en\/wp-json\/wp\/v2\/product_tag?post=3394"}],"curies":[{"name":"wp","href":"https:\/\/api.w.org\/{rel}","templated":true}]}}