{"id":3275,"date":"2025-06-11T11:16:37","date_gmt":"2025-06-11T07:16:37","guid":{"rendered":"https:\/\/maisonmathilde.mu\/?post_type=product&#038;p=3275"},"modified":"2026-03-31T12:17:38","modified_gmt":"2026-03-31T08:17:38","slug":"summer-protect-spray-spray-solaire-cut-by-fred","status":"publish","type":"product","link":"https:\/\/maisonmathilde.mu\/en\/produit\/summer-protect-spray-spray-solaire-cut-by-fred\/","title":{"rendered":"SUMMER PROTECT SPRAY \u2013 SPRAY SOLAIRE CUT BY FRED"},"content":{"rendered":"<p data-start=\"529\" data-end=\"590\"><strong data-start=\"529\" data-end=\"590\">Le geste indispensable pour un \u00e9t\u00e9 sans casse capillaire.<\/strong><\/p>\n<p data-start=\"592\" data-end=\"926\">Le <strong data-start=\"595\" data-end=\"619\">Summer Protect Spray<\/strong> de Cut by Fred est un <strong data-start=\"642\" data-end=\"689\">protecteur solaire naturel pour les cheveux<\/strong>, formul\u00e9 \u00e0 base d\u2019huiles v\u00e9g\u00e9tales et d&#8217;antioxydants puissants. Il <strong data-start=\"757\" data-end=\"789\">pr\u00e9serve la fibre capillaire<\/strong> des agressions estivales : <strong data-start=\"817\" data-end=\"858\">rayons UV, sel, vent, chlore, chaleur<\/strong>, tout en laissant un d\u00e9licat parfum naturel aux notes ensoleill\u00e9es.<\/p>\n<p data-start=\"928\" data-end=\"1203\">Contrairement \u00e0 la majorit\u00e9 des protections solaires pour cheveux, il ne contient <strong data-start=\"1010\" data-end=\"1035\">aucun filtre chimique<\/strong>, est <strong data-start=\"1041\" data-end=\"1064\">100 % biod\u00e9gradable<\/strong>, respectueux des cheveux comme de l\u2019environnement. \u00c0 emporter dans toutes vos escapades \u00e0 la plage, en randonn\u00e9e ou au bord de la piscine.<\/p>\n<p data-start=\"2642\" data-end=\"2921\">\u2714 Convient \u00e0 <strong data-start=\"2655\" data-end=\"2684\">tous les types de cheveux<\/strong> : lisses, ondul\u00e9s, boucl\u00e9s ou cr\u00e9pus<br data-start=\"2721\" data-end=\"2724\" \/>\u2714 Id\u00e9al pour cheveux <strong data-start=\"2745\" data-end=\"2772\">color\u00e9s ou sensibilis\u00e9s<\/strong> qui n\u00e9cessitent une protection suppl\u00e9mentaire<br data-start=\"2818\" data-end=\"2821\" \/>\u2714 Parfait pour les <strong data-start=\"2840\" data-end=\"2883\">enfants et les cuirs chevelus sensibles<\/strong> gr\u00e2ce \u00e0 sa formule douce et naturelle<\/p>\n<p data-start=\"2923\" data-end=\"2943\">Vous l\u2019adorerez si :<\/p>\n<ul data-start=\"2944\" data-end=\"3198\">\n<li data-start=\"2944\" data-end=\"3035\">\n<p data-start=\"2946\" data-end=\"3035\">Vous vivez ou voyagez \u00e0 l\u2019\u00eele Maurice et cherchez une <strong data-start=\"3000\" data-end=\"3035\">protection capillaire naturelle<\/strong><\/p>\n<\/li>\n<li data-start=\"3036\" data-end=\"3103\">\n<p data-start=\"3038\" data-end=\"3103\">Vous aimez les produits <strong data-start=\"3062\" data-end=\"3103\">minimalistes, efficaces et sensoriels<\/strong><\/p>\n<\/li>\n<li data-start=\"3104\" data-end=\"3198\">\n<p data-start=\"3106\" data-end=\"3198\">Vous souhaitez <strong data-start=\"3121\" data-end=\"3175\">\u00e9viter les cheveux ternes, cassants ou d\u00e9shydrat\u00e9s<\/strong> au retour des vacances<\/p>\n<\/li>\n<\/ul>\n","protected":false},"excerpt":{"rendered":"<p>Le Summer Protect Spray de Cut by Fred est un spray capillaire 100 % naturel et biod\u00e9gradable qui prot\u00e8ge les cheveux du soleil, du sel et du chlore. Id\u00e9al pour l\u2019\u00e9t\u00e9 \u00e0 l&#8217;\u00eele Maurice. \u00c0 retrouver chez Maison Mathilde.<\/p>\n","protected":false},"featured_media":3276,"template":"","meta":{"_acf_changed":false},"product_brand":[172],"product_cat":[20,173,70],"product_tag":[],"class_list":{"0":"post-3275","1":"product","2":"type-product","3":"status-publish","4":"has-post-thumbnail","6":"product_brand-cut-by-fred","7":"product_cat-cheveux","8":"product_cat-coiffants-cheveux","9":"product_cat-serums-et-huiles","11":"first","12":"instock","13":"sale","14":"shipping-taxable","15":"purchasable","16":"product-type-simple"},"acf":[],"_links":{"self":[{"href":"https:\/\/maisonmathilde.mu\/en\/wp-json\/wp\/v2\/product\/3275","targetHints":{"allow":["GET"]}}],"collection":[{"href":"https:\/\/maisonmathilde.mu\/en\/wp-json\/wp\/v2\/product"}],"about":[{"href":"https:\/\/maisonmathilde.mu\/en\/wp-json\/wp\/v2\/types\/product"}],"version-history":[{"count":3,"href":"https:\/\/maisonmathilde.mu\/en\/wp-json\/wp\/v2\/product\/3275\/revisions"}],"predecessor-version":[{"id":3884,"href":"https:\/\/maisonmathilde.mu\/en\/wp-json\/wp\/v2\/product\/3275\/revisions\/3884"}],"wp:featuredmedia":[{"embeddable":true,"href":"https:\/\/maisonmathilde.mu\/en\/wp-json\/wp\/v2\/media\/3276"}],"wp:attachment":[{"href":"https:\/\/maisonmathilde.mu\/en\/wp-json\/wp\/v2\/media?parent=3275"}],"wp:term":[{"taxonomy":"product_brand","embeddable":true,"href":"https:\/\/maisonmathilde.mu\/en\/wp-json\/wp\/v2\/product_brand?post=3275"},{"taxonomy":"product_cat","embeddable":true,"href":"https:\/\/maisonmathilde.mu\/en\/wp-json\/wp\/v2\/product_cat?post=3275"},{"taxonomy":"product_tag","embeddable":true,"href":"https:\/\/maisonmathilde.mu\/en\/wp-json\/wp\/v2\/product_tag?post=3275"}],"curies":[{"name":"wp","href":"https:\/\/api.w.org\/{rel}","templated":true}]}}