{"id":3262,"date":"2025-06-11T11:04:38","date_gmt":"2025-06-11T07:04:38","guid":{"rendered":"https:\/\/maisonmathilde.mu\/?post_type=product&#038;p=3262"},"modified":"2026-04-21T14:28:01","modified_gmt":"2026-04-21T10:28:01","slug":"strong-curl-serum-serum-protecteur-cut-by-fred","status":"publish","type":"product","link":"https:\/\/maisonmathilde.mu\/en\/produit\/strong-curl-serum-serum-protecteur-cut-by-fred\/","title":{"rendered":"STRONG CURL SERUM \u2013 S\u00c9RUM  PROTECTEUR CUT BY FRED"},"content":{"rendered":"<p data-start=\"530\" data-end=\"624\"><strong data-start=\"530\" data-end=\"624\">Un concentr\u00e9 d\u2019huiles v\u00e9g\u00e9tales pour sublimer et prot\u00e9ger les boucles les plus exigeantes.<\/strong><\/p>\n<p data-start=\"626\" data-end=\"984\">Le <strong data-start=\"629\" data-end=\"650\">Strong Curl Serum<\/strong> est un soin huileux intensif con\u00e7u pour les <strong data-start=\"695\" data-end=\"737\">cheveux tr\u00e8s boucl\u00e9s, fris\u00e9s et cr\u00e9pus<\/strong> (types 3B \u00e0 4C). Riche, nourrissant et 100 % d\u2019origine naturelle, il s\u2019utilise <strong data-start=\"817\" data-end=\"838\">en fin de routine<\/strong> ou <strong data-start=\"842\" data-end=\"858\">au quotidien<\/strong>, sur cheveux secs ou humides, pour renforcer, lisser, <strong data-start=\"913\" data-end=\"946\">prot\u00e9ger de la d\u00e9shydratation<\/strong> et faire briller la fibre capillaire.<\/p>\n<p data-start=\"986\" data-end=\"1265\">Sa texture sensorielle et son parfum naturel font de chaque application un moment de plaisir. Il <strong data-start=\"1083\" data-end=\"1104\">gaine les boucles<\/strong>, lutte contre les frisottis et <strong data-start=\"1136\" data-end=\"1169\">hydrate aussi le cuir chevelu<\/strong> si besoin. R\u00e9sultat : des cheveux <strong data-start=\"1204\" data-end=\"1248\">souples, brillants et \u00e9clatants de sant\u00e9<\/strong>, sans fini gras.<\/p>\n<p data-start=\"2515\" data-end=\"2689\">\u2714 Con\u00e7u pour les <strong data-start=\"2532\" data-end=\"2574\">cheveux tr\u00e8s boucl\u00e9s, fris\u00e9s et cr\u00e9pus<\/strong><br data-start=\"2574\" data-end=\"2577\" \/>\u2714 Adapt\u00e9 aux textures <strong data-start=\"2599\" data-end=\"2621\">3B, 3C, 4A, 4B, 4C<\/strong><br data-start=\"2621\" data-end=\"2624\" \/>\u2714 Id\u00e9al en climat chaud et humide pour <strong data-start=\"2663\" data-end=\"2689\">prot\u00e9ger des frisottis<\/strong><\/p>\n<p data-start=\"2691\" data-end=\"2711\">Vous l\u2019adorerez si :<\/p>\n<ul data-start=\"2712\" data-end=\"2932\">\n<li data-start=\"2712\" data-end=\"2762\">\n<p data-start=\"2714\" data-end=\"2762\">Vous avez les <strong data-start=\"2728\" data-end=\"2762\">cheveux secs, poreux ou ab\u00eem\u00e9s<\/strong><\/p>\n<\/li>\n<li data-start=\"2763\" data-end=\"2836\">\n<p data-start=\"2765\" data-end=\"2836\">Vous cherchez \u00e0 <strong data-start=\"2781\" data-end=\"2806\">sceller l\u2019hydratation<\/strong> et \u00e0 <strong data-start=\"2812\" data-end=\"2836\">\u00e9viter les frisottis<\/strong><\/p>\n<\/li>\n<li data-start=\"2837\" data-end=\"2932\">\n<p data-start=\"2839\" data-end=\"2932\">Vous souhaitez ajouter une touche de <strong data-start=\"2876\" data-end=\"2903\">brillance et de douceur<\/strong> \u00e0 votre routine clean beauty<\/p>\n<\/li>\n<\/ul>\n","protected":false},"excerpt":{"rendered":"<p>Le Strong Curl Serum de Cut by Fred est un s\u00e9rum huile 100 % naturel pour cheveux tr\u00e8s boucl\u00e9s \u00e0 cr\u00e9pus. Il nourrit, prot\u00e8ge, limite les frisottis et apporte brillance et douceur. Disponible chez Maison Mathilde \u00e0 l&#8217;\u00eele Maurice.<\/p>\n","protected":false},"featured_media":3271,"template":"","meta":{"_acf_changed":false},"product_brand":[172],"product_cat":[20,70],"product_tag":[],"class_list":{"0":"post-3262","1":"product","2":"type-product","3":"status-publish","4":"has-post-thumbnail","6":"product_brand-cut-by-fred","7":"product_cat-cheveux","8":"product_cat-serums-et-huiles","10":"first","11":"instock","12":"sale","13":"shipping-taxable","14":"purchasable","15":"product-type-simple"},"acf":[],"_links":{"self":[{"href":"https:\/\/maisonmathilde.mu\/en\/wp-json\/wp\/v2\/product\/3262","targetHints":{"allow":["GET"]}}],"collection":[{"href":"https:\/\/maisonmathilde.mu\/en\/wp-json\/wp\/v2\/product"}],"about":[{"href":"https:\/\/maisonmathilde.mu\/en\/wp-json\/wp\/v2\/types\/product"}],"version-history":[{"count":2,"href":"https:\/\/maisonmathilde.mu\/en\/wp-json\/wp\/v2\/product\/3262\/revisions"}],"predecessor-version":[{"id":3274,"href":"https:\/\/maisonmathilde.mu\/en\/wp-json\/wp\/v2\/product\/3262\/revisions\/3274"}],"wp:featuredmedia":[{"embeddable":true,"href":"https:\/\/maisonmathilde.mu\/en\/wp-json\/wp\/v2\/media\/3271"}],"wp:attachment":[{"href":"https:\/\/maisonmathilde.mu\/en\/wp-json\/wp\/v2\/media?parent=3262"}],"wp:term":[{"taxonomy":"product_brand","embeddable":true,"href":"https:\/\/maisonmathilde.mu\/en\/wp-json\/wp\/v2\/product_brand?post=3262"},{"taxonomy":"product_cat","embeddable":true,"href":"https:\/\/maisonmathilde.mu\/en\/wp-json\/wp\/v2\/product_cat?post=3262"},{"taxonomy":"product_tag","embeddable":true,"href":"https:\/\/maisonmathilde.mu\/en\/wp-json\/wp\/v2\/product_tag?post=3262"}],"curies":[{"name":"wp","href":"https:\/\/api.w.org\/{rel}","templated":true}]}}