{"id":3244,"date":"2025-06-11T10:49:58","date_gmt":"2025-06-11T06:49:58","guid":{"rendered":"https:\/\/maisonmathilde.mu\/?post_type=product&#038;p=3244"},"modified":"2026-04-10T15:47:47","modified_gmt":"2026-04-10T11:47:47","slug":"strong-curl-mask-masque-ultra-nourrissant-cut-by-fred","status":"publish","type":"product","link":"https:\/\/maisonmathilde.mu\/en\/produit\/strong-curl-mask-masque-ultra-nourrissant-cut-by-fred\/","title":{"rendered":"STRONG CURL MASK \u2013 MASQUE ULTRA-NOURRISSANT CUT BY FRED"},"content":{"rendered":"<p data-start=\"493\" data-end=\"568\"><strong data-start=\"493\" data-end=\"568\">Le masque riche et r\u00e9parateur que les cheveux tr\u00e8s boucl\u00e9s attendaient.<\/strong><\/p>\n<p data-start=\"570\" data-end=\"860\">Le <strong data-start=\"573\" data-end=\"593\">Strong Curl Mask<\/strong> de Cut by Fred est un masque soin \u00e0 la <strong data-start=\"633\" data-end=\"661\">texture beurre onctueuse<\/strong>, pens\u00e9 pour les <strong data-start=\"678\" data-end=\"720\">cheveux tr\u00e8s boucl\u00e9s, fris\u00e9s et cr\u00e9pus<\/strong> (types 3B \u00e0 4C). Il offre une <strong data-start=\"751\" data-end=\"797\">nutrition intense, une r\u00e9paration profonde<\/strong>, tout en facilitant le d\u00e9m\u00ealage et en r\u00e9duisant les frisottis.<\/p>\n<p data-start=\"862\" data-end=\"1267\">Enrichi en <strong data-start=\"873\" data-end=\"915\">beurres et huiles v\u00e9g\u00e9tales puissantes<\/strong>, ce soin profond redonne douceur, brillance et d\u00e9finition \u00e0 vos boucles tout en prot\u00e9geant la fibre capillaire du dess\u00e8chement. Test\u00e9 dermatologiquement, il a prouv\u00e9 son efficacit\u00e9 :<br data-start=\"1098\" data-end=\"1101\" \/>\u2728 <strong data-start=\"1103\" data-end=\"1111\">80 %<\/strong> des utilisatrices constatent des cheveux <strong data-start=\"1153\" data-end=\"1190\">plus nourris, hydrat\u00e9s et r\u00e9par\u00e9s<\/strong><br data-start=\"1190\" data-end=\"1193\" \/>\u2728 <strong data-start=\"1195\" data-end=\"1203\">91 %<\/strong> observent des <strong data-start=\"1218\" data-end=\"1267\">boucles plus d\u00e9finies, dessin\u00e9es et rebondies<\/strong><\/p>\n<p data-start=\"1269\" data-end=\"1384\">\ud83d\udc9a Un rituel cocooning clean, vegan et naturel pour redonner <strong data-start=\"1330\" data-end=\"1357\">vie, souplesse et \u00e9clat<\/strong> aux cheveux les plus secs.<\/p>\n<p data-start=\"2953\" data-end=\"3201\">\u2714 Id\u00e9al pour les <strong data-start=\"2970\" data-end=\"3010\">cheveux tr\u00e8s boucl\u00e9s, fris\u00e9s, cr\u00e9pus<\/strong><br data-start=\"3010\" data-end=\"3013\" \/>\u2714 Convient aux types <strong data-start=\"3034\" data-end=\"3056\">3B, 3C, 4A, 4B, 4C<\/strong><br data-start=\"3056\" data-end=\"3059\" \/>\u2714 Parfait pour les cheveux secs, ab\u00eem\u00e9s, poreux ou en manque de souplesse<br data-start=\"3132\" data-end=\"3135\" \/>\u2714 Convient aux routines <strong data-start=\"3159\" data-end=\"3168\">curly<\/strong>, <strong data-start=\"3170\" data-end=\"3181\">low-poo<\/strong> et <strong data-start=\"3185\" data-end=\"3201\">protectrices<\/strong><\/p>\n<p data-start=\"3203\" data-end=\"3223\">Vous l\u2019adorerez si :<\/p>\n<ul data-start=\"3224\" data-end=\"3409\">\n<li data-start=\"3224\" data-end=\"3268\">\n<p data-start=\"3226\" data-end=\"3268\">Vous avez du mal \u00e0 <strong data-start=\"3245\" data-end=\"3268\">d\u00e9m\u00ealer vos cheveux<\/strong><\/p>\n<\/li>\n<li data-start=\"3269\" data-end=\"3330\">\n<p data-start=\"3271\" data-end=\"3330\">Vos boucles manquent de <strong data-start=\"3295\" data-end=\"3330\">rebond, brillance et d\u00e9finition<\/strong><\/p>\n<\/li>\n<li data-start=\"3331\" data-end=\"3409\">\n<p data-start=\"3333\" data-end=\"3409\">Vous recherchez un soin <strong data-start=\"3357\" data-end=\"3409\">intens\u00e9ment nourrissant, mais clean et sensoriel<\/strong><\/p>\n<\/li>\n<\/ul>\n","protected":false},"excerpt":{"rendered":"<p>Le Strong Curl Mask de Cut by Fred est un masque intens\u00e9ment nourrissant pour cheveux tr\u00e8s boucl\u00e9s \u00e0 cr\u00e9pus. R\u00e9pare, adoucit et d\u00e9finit les boucles. Disponible chez Maison Mathilde \u00e0 l&#8217;\u00eele Maurice.<\/p>\n","protected":false},"featured_media":3249,"template":"","meta":{"_acf_changed":false},"product_brand":[172],"product_cat":[20,69],"product_tag":[],"class_list":{"0":"post-3244","1":"product","2":"type-product","3":"status-publish","4":"has-post-thumbnail","6":"product_brand-cut-by-fred","7":"product_cat-cheveux","8":"product_cat-apres-shampoing-et-masques","10":"first","11":"outofstock","12":"sale","13":"shipping-taxable","14":"purchasable","15":"product-type-simple"},"acf":[],"_links":{"self":[{"href":"https:\/\/maisonmathilde.mu\/en\/wp-json\/wp\/v2\/product\/3244","targetHints":{"allow":["GET"]}}],"collection":[{"href":"https:\/\/maisonmathilde.mu\/en\/wp-json\/wp\/v2\/product"}],"about":[{"href":"https:\/\/maisonmathilde.mu\/en\/wp-json\/wp\/v2\/types\/product"}],"version-history":[{"count":2,"href":"https:\/\/maisonmathilde.mu\/en\/wp-json\/wp\/v2\/product\/3244\/revisions"}],"predecessor-version":[{"id":3252,"href":"https:\/\/maisonmathilde.mu\/en\/wp-json\/wp\/v2\/product\/3244\/revisions\/3252"}],"wp:featuredmedia":[{"embeddable":true,"href":"https:\/\/maisonmathilde.mu\/en\/wp-json\/wp\/v2\/media\/3249"}],"wp:attachment":[{"href":"https:\/\/maisonmathilde.mu\/en\/wp-json\/wp\/v2\/media?parent=3244"}],"wp:term":[{"taxonomy":"product_brand","embeddable":true,"href":"https:\/\/maisonmathilde.mu\/en\/wp-json\/wp\/v2\/product_brand?post=3244"},{"taxonomy":"product_cat","embeddable":true,"href":"https:\/\/maisonmathilde.mu\/en\/wp-json\/wp\/v2\/product_cat?post=3244"},{"taxonomy":"product_tag","embeddable":true,"href":"https:\/\/maisonmathilde.mu\/en\/wp-json\/wp\/v2\/product_tag?post=3244"}],"curies":[{"name":"wp","href":"https:\/\/api.w.org\/{rel}","templated":true}]}}